{"id":75,"date":"2017-02-05T10:43:50","date_gmt":"2017-02-05T10:43:50","guid":{"rendered":"http:\/\/landschaftsbau-schebitz.de\/?page_id=75"},"modified":"2017-02-05T14:37:34","modified_gmt":"2017-02-05T14:37:34","slug":"gruenflaechen-gaerten","status":"publish","type":"page","link":"https:\/\/landschaftsbau-schebitz.de\/?page_id=75","title":{"rendered":"Gr\u00fcnfl\u00e4chen, G\u00e4rten"},"content":{"rendered":"<!-- index.php -->\n<div\n\tclass=\"ngg-galleryoverview ngg-ajax-pagination-none\"\n\tid=\"ngg-gallery-4dc52a7039bbd74c50302b8a4bcfd6b5-1\">\n\n    \t<div class=\"slideshowlink\">\n        <a href='https:\/\/landschaftsbau-schebitz.de\/index.php\/nggallery\/slideshow?page_id=75'>&#091;Zeige eine Slideshow&#093;<\/a>\n\t\t\n\t<\/div>\n\t\t\t<!-- Thumbnails -->\n\t\t\t\t<div id=\"ngg-image-0\" class=\"ngg-gallery-thumbnail-box\" >\n\t\t\t\t        <div class=\"ngg-gallery-thumbnail\">\n            <a href=\"https:\/\/landschaftsbau-schebitz.de\/wp-content\/gallery\/gruenflaechen-gaerten\/001.jpg\"\n               title=\"\"\n               data-src=\"https:\/\/landschaftsbau-schebitz.de\/wp-content\/gallery\/gruenflaechen-gaerten\/001.jpg\"\n               data-thumbnail=\"https:\/\/landschaftsbau-schebitz.de\/wp-content\/gallery\/gruenflaechen-gaerten\/thumbs\/thumbs_001.jpg\"\n               data-image-id=\"48\"\n               data-title=\"001\"\n               data-description=\"\"\n               data-image-slug=\"001\"\n               class=\"ngg-fancybox\" rel=\"4dc52a7039bbd74c50302b8a4bcfd6b5\">\n                <img\n                    title=\"001\"\n                    alt=\"001\"\n                    src=\"https:\/\/landschaftsbau-schebitz.de\/wp-content\/gallery\/gruenflaechen-gaerten\/thumbs\/thumbs_001.jpg\"\n                    width=\"240\"\n                    height=\"160\"\n                    style=\"max-width:100%;\"\n                \/>\n            <\/a>\n        <\/div>\n\t\t\t\t\t\t\t<\/div> \n\t\t\t\n        \n\t\t\t\t<div id=\"ngg-image-1\" class=\"ngg-gallery-thumbnail-box\" >\n\t\t\t\t        <div class=\"ngg-gallery-thumbnail\">\n            <a href=\"https:\/\/landschaftsbau-schebitz.de\/wp-content\/gallery\/gruenflaechen-gaerten\/002.jpg\"\n               title=\"\"\n               data-src=\"https:\/\/landschaftsbau-schebitz.de\/wp-content\/gallery\/gruenflaechen-gaerten\/002.jpg\"\n               data-thumbnail=\"https:\/\/landschaftsbau-schebitz.de\/wp-content\/gallery\/gruenflaechen-gaerten\/thumbs\/thumbs_002.jpg\"\n               data-image-id=\"49\"\n               data-title=\"002\"\n               data-description=\"\"\n               data-image-slug=\"002\"\n               class=\"ngg-fancybox\" rel=\"4dc52a7039bbd74c50302b8a4bcfd6b5\">\n                <img\n                    title=\"002\"\n                    alt=\"002\"\n                    src=\"https:\/\/landschaftsbau-schebitz.de\/wp-content\/gallery\/gruenflaechen-gaerten\/thumbs\/thumbs_002.jpg\"\n                    width=\"240\"\n                    height=\"160\"\n                    style=\"max-width:100%;\"\n                \/>\n            <\/a>\n        <\/div>\n\t\t\t\t\t\t\t<\/div> \n\t\t\t\n        \n\t\t\t\t<div id=\"ngg-image-2\" class=\"ngg-gallery-thumbnail-box\" >\n\t\t\t\t        <div class=\"ngg-gallery-thumbnail\">\n            <a href=\"https:\/\/landschaftsbau-schebitz.de\/wp-content\/gallery\/gruenflaechen-gaerten\/003.jpg\"\n               title=\"\"\n               data-src=\"https:\/\/landschaftsbau-schebitz.de\/wp-content\/gallery\/gruenflaechen-gaerten\/003.jpg\"\n               data-thumbnail=\"https:\/\/landschaftsbau-schebitz.de\/wp-content\/gallery\/gruenflaechen-gaerten\/thumbs\/thumbs_003.jpg\"\n               data-image-id=\"50\"\n               data-title=\"003\"\n               data-description=\"\"\n               data-image-slug=\"003\"\n               class=\"ngg-fancybox\" rel=\"4dc52a7039bbd74c50302b8a4bcfd6b5\">\n                <img\n                    title=\"003\"\n                    alt=\"003\"\n                    src=\"https:\/\/landschaftsbau-schebitz.de\/wp-content\/gallery\/gruenflaechen-gaerten\/thumbs\/thumbs_003.jpg\"\n                    width=\"240\"\n                    height=\"160\"\n                    style=\"max-width:100%;\"\n                \/>\n            <\/a>\n        <\/div>\n\t\t\t\t\t\t\t<\/div> \n\t\t\t\n        \n\t\t\t\t<div id=\"ngg-image-3\" class=\"ngg-gallery-thumbnail-box\" >\n\t\t\t\t        <div class=\"ngg-gallery-thumbnail\">\n            <a href=\"https:\/\/landschaftsbau-schebitz.de\/wp-content\/gallery\/gruenflaechen-gaerten\/011.jpg\"\n               title=\"\"\n               data-src=\"https:\/\/landschaftsbau-schebitz.de\/wp-content\/gallery\/gruenflaechen-gaerten\/011.jpg\"\n               data-thumbnail=\"https:\/\/landschaftsbau-schebitz.de\/wp-content\/gallery\/gruenflaechen-gaerten\/thumbs\/thumbs_011.jpg\"\n               data-image-id=\"51\"\n               data-title=\"011\"\n               data-description=\"\"\n               data-image-slug=\"011\"\n               class=\"ngg-fancybox\" rel=\"4dc52a7039bbd74c50302b8a4bcfd6b5\">\n                <img\n                    title=\"011\"\n                    alt=\"011\"\n                    src=\"https:\/\/landschaftsbau-schebitz.de\/wp-content\/gallery\/gruenflaechen-gaerten\/thumbs\/thumbs_011.jpg\"\n                    width=\"240\"\n                    height=\"160\"\n                    style=\"max-width:100%;\"\n                \/>\n            <\/a>\n        <\/div>\n\t\t\t\t\t\t\t<\/div> \n\t\t\t\n        \n\t\t\t\t<div id=\"ngg-image-4\" class=\"ngg-gallery-thumbnail-box\" >\n\t\t\t\t        <div class=\"ngg-gallery-thumbnail\">\n            <a href=\"https:\/\/landschaftsbau-schebitz.de\/wp-content\/gallery\/gruenflaechen-gaerten\/012.jpg\"\n               title=\"\"\n               data-src=\"https:\/\/landschaftsbau-schebitz.de\/wp-content\/gallery\/gruenflaechen-gaerten\/012.jpg\"\n               data-thumbnail=\"https:\/\/landschaftsbau-schebitz.de\/wp-content\/gallery\/gruenflaechen-gaerten\/thumbs\/thumbs_012.jpg\"\n               data-image-id=\"52\"\n               data-title=\"012\"\n               data-description=\"\"\n               data-image-slug=\"012\"\n               class=\"ngg-fancybox\" rel=\"4dc52a7039bbd74c50302b8a4bcfd6b5\">\n                <img\n                    title=\"012\"\n                    alt=\"012\"\n                    src=\"https:\/\/landschaftsbau-schebitz.de\/wp-content\/gallery\/gruenflaechen-gaerten\/thumbs\/thumbs_012.jpg\"\n                    width=\"240\"\n                    height=\"160\"\n                    style=\"max-width:100%;\"\n                \/>\n            <\/a>\n        <\/div>\n\t\t\t\t\t\t\t<\/div> \n\t\t\t\n        \n\t\t\t\t<div id=\"ngg-image-5\" class=\"ngg-gallery-thumbnail-box\" >\n\t\t\t\t        <div class=\"ngg-gallery-thumbnail\">\n            <a href=\"https:\/\/landschaftsbau-schebitz.de\/wp-content\/gallery\/gruenflaechen-gaerten\/024.jpg\"\n               title=\"\"\n               data-src=\"https:\/\/landschaftsbau-schebitz.de\/wp-content\/gallery\/gruenflaechen-gaerten\/024.jpg\"\n               data-thumbnail=\"https:\/\/landschaftsbau-schebitz.de\/wp-content\/gallery\/gruenflaechen-gaerten\/thumbs\/thumbs_024.jpg\"\n               data-image-id=\"53\"\n               data-title=\"024\"\n               data-description=\"\"\n               data-image-slug=\"024\"\n               class=\"ngg-fancybox\" rel=\"4dc52a7039bbd74c50302b8a4bcfd6b5\">\n                <img\n                    title=\"024\"\n                    alt=\"024\"\n                    src=\"https:\/\/landschaftsbau-schebitz.de\/wp-content\/gallery\/gruenflaechen-gaerten\/thumbs\/thumbs_024.jpg\"\n                    width=\"240\"\n                    height=\"160\"\n                    style=\"max-width:100%;\"\n                \/>\n            <\/a>\n        <\/div>\n\t\t\t\t\t\t\t<\/div> \n\t\t\t\n        \n\t\t\t\t<div id=\"ngg-image-6\" class=\"ngg-gallery-thumbnail-box\" >\n\t\t\t\t        <div class=\"ngg-gallery-thumbnail\">\n            <a href=\"https:\/\/landschaftsbau-schebitz.de\/wp-content\/gallery\/gruenflaechen-gaerten\/028.jpg\"\n               title=\"\"\n               data-src=\"https:\/\/landschaftsbau-schebitz.de\/wp-content\/gallery\/gruenflaechen-gaerten\/028.jpg\"\n               data-thumbnail=\"https:\/\/landschaftsbau-schebitz.de\/wp-content\/gallery\/gruenflaechen-gaerten\/thumbs\/thumbs_028.jpg\"\n               data-image-id=\"54\"\n               data-title=\"028\"\n               data-description=\"\"\n               data-image-slug=\"028\"\n               class=\"ngg-fancybox\" rel=\"4dc52a7039bbd74c50302b8a4bcfd6b5\">\n                <img\n                    title=\"028\"\n                    alt=\"028\"\n                    src=\"https:\/\/landschaftsbau-schebitz.de\/wp-content\/gallery\/gruenflaechen-gaerten\/thumbs\/thumbs_028.jpg\"\n                    width=\"240\"\n                    height=\"160\"\n                    style=\"max-width:100%;\"\n                \/>\n            <\/a>\n        <\/div>\n\t\t\t\t\t\t\t<\/div> \n\t\t\t\n        \n\t\t\t\t<div id=\"ngg-image-7\" class=\"ngg-gallery-thumbnail-box\" >\n\t\t\t\t        <div class=\"ngg-gallery-thumbnail\">\n            <a href=\"https:\/\/landschaftsbau-schebitz.de\/wp-content\/gallery\/gruenflaechen-gaerten\/043.jpg\"\n               title=\"\"\n               data-src=\"https:\/\/landschaftsbau-schebitz.de\/wp-content\/gallery\/gruenflaechen-gaerten\/043.jpg\"\n               data-thumbnail=\"https:\/\/landschaftsbau-schebitz.de\/wp-content\/gallery\/gruenflaechen-gaerten\/thumbs\/thumbs_043.jpg\"\n               data-image-id=\"55\"\n               data-title=\"043\"\n               data-description=\"\"\n               data-image-slug=\"043\"\n               class=\"ngg-fancybox\" rel=\"4dc52a7039bbd74c50302b8a4bcfd6b5\">\n                <img\n                    title=\"043\"\n                    alt=\"043\"\n                    src=\"https:\/\/landschaftsbau-schebitz.de\/wp-content\/gallery\/gruenflaechen-gaerten\/thumbs\/thumbs_043.jpg\"\n                    width=\"240\"\n                    height=\"160\"\n                    style=\"max-width:100%;\"\n                \/>\n            <\/a>\n        <\/div>\n\t\t\t\t\t\t\t<\/div> \n\t\t\t\n        \n\t\t\t\t<div id=\"ngg-image-8\" class=\"ngg-gallery-thumbnail-box\" >\n\t\t\t\t        <div class=\"ngg-gallery-thumbnail\">\n            <a href=\"https:\/\/landschaftsbau-schebitz.de\/wp-content\/gallery\/gruenflaechen-gaerten\/060.jpg\"\n               title=\"\"\n               data-src=\"https:\/\/landschaftsbau-schebitz.de\/wp-content\/gallery\/gruenflaechen-gaerten\/060.jpg\"\n               data-thumbnail=\"https:\/\/landschaftsbau-schebitz.de\/wp-content\/gallery\/gruenflaechen-gaerten\/thumbs\/thumbs_060.jpg\"\n               data-image-id=\"56\"\n               data-title=\"060\"\n               data-description=\"\"\n               data-image-slug=\"060\"\n               class=\"ngg-fancybox\" rel=\"4dc52a7039bbd74c50302b8a4bcfd6b5\">\n                <img\n                    title=\"060\"\n                    alt=\"060\"\n                    src=\"https:\/\/landschaftsbau-schebitz.de\/wp-content\/gallery\/gruenflaechen-gaerten\/thumbs\/thumbs_060.jpg\"\n                    width=\"240\"\n                    height=\"160\"\n                    style=\"max-width:100%;\"\n                \/>\n            <\/a>\n        <\/div>\n\t\t\t\t\t\t\t<\/div> \n\t\t\t\n        \n\t\t\t\t<div id=\"ngg-image-9\" class=\"ngg-gallery-thumbnail-box\" >\n\t\t\t\t        <div class=\"ngg-gallery-thumbnail\">\n            <a href=\"https:\/\/landschaftsbau-schebitz.de\/wp-content\/gallery\/gruenflaechen-gaerten\/068.jpg\"\n               title=\"\"\n               data-src=\"https:\/\/landschaftsbau-schebitz.de\/wp-content\/gallery\/gruenflaechen-gaerten\/068.jpg\"\n               data-thumbnail=\"https:\/\/landschaftsbau-schebitz.de\/wp-content\/gallery\/gruenflaechen-gaerten\/thumbs\/thumbs_068.jpg\"\n               data-image-id=\"57\"\n               data-title=\"068\"\n               data-description=\"\"\n               data-image-slug=\"068\"\n               class=\"ngg-fancybox\" rel=\"4dc52a7039bbd74c50302b8a4bcfd6b5\">\n                <img\n                    title=\"068\"\n                    alt=\"068\"\n                    src=\"https:\/\/landschaftsbau-schebitz.de\/wp-content\/gallery\/gruenflaechen-gaerten\/thumbs\/thumbs_068.jpg\"\n                    width=\"240\"\n                    height=\"160\"\n                    style=\"max-width:100%;\"\n                \/>\n            <\/a>\n        <\/div>\n\t\t\t\t\t\t\t<\/div> \n\t\t\t\n        \n\t\t\t\t<div id=\"ngg-image-10\" class=\"ngg-gallery-thumbnail-box\" >\n\t\t\t\t        <div class=\"ngg-gallery-thumbnail\">\n            <a href=\"https:\/\/landschaftsbau-schebitz.de\/wp-content\/gallery\/gruenflaechen-gaerten\/078.jpg\"\n               title=\"\"\n               data-src=\"https:\/\/landschaftsbau-schebitz.de\/wp-content\/gallery\/gruenflaechen-gaerten\/078.jpg\"\n               data-thumbnail=\"https:\/\/landschaftsbau-schebitz.de\/wp-content\/gallery\/gruenflaechen-gaerten\/thumbs\/thumbs_078.jpg\"\n               data-image-id=\"58\"\n               data-title=\"078\"\n               data-description=\"\"\n               data-image-slug=\"078\"\n               class=\"ngg-fancybox\" rel=\"4dc52a7039bbd74c50302b8a4bcfd6b5\">\n                <img\n                    title=\"078\"\n                    alt=\"078\"\n                    src=\"https:\/\/landschaftsbau-schebitz.de\/wp-content\/gallery\/gruenflaechen-gaerten\/thumbs\/thumbs_078.jpg\"\n                    width=\"240\"\n                    height=\"160\"\n                    style=\"max-width:100%;\"\n                \/>\n            <\/a>\n        <\/div>\n\t\t\t\t\t\t\t<\/div> \n\t\t\t\n        \n\t\t\t\t<div id=\"ngg-image-11\" class=\"ngg-gallery-thumbnail-box\" >\n\t\t\t\t        <div class=\"ngg-gallery-thumbnail\">\n            <a href=\"https:\/\/landschaftsbau-schebitz.de\/wp-content\/gallery\/gruenflaechen-gaerten\/k-IMG_1079.JPG\"\n               title=\"\"\n               data-src=\"https:\/\/landschaftsbau-schebitz.de\/wp-content\/gallery\/gruenflaechen-gaerten\/k-IMG_1079.JPG\"\n               data-thumbnail=\"https:\/\/landschaftsbau-schebitz.de\/wp-content\/gallery\/gruenflaechen-gaerten\/thumbs\/thumbs_k-IMG_1079.JPG\"\n               data-image-id=\"59\"\n               data-title=\"k-IMG_1079\"\n               data-description=\"\"\n               data-image-slug=\"k-img_1079\"\n               class=\"ngg-fancybox\" rel=\"4dc52a7039bbd74c50302b8a4bcfd6b5\">\n                <img\n                    title=\"k-IMG_1079\"\n                    alt=\"k-IMG_1079\"\n                    src=\"https:\/\/landschaftsbau-schebitz.de\/wp-content\/gallery\/gruenflaechen-gaerten\/thumbs\/thumbs_k-IMG_1079.JPG\"\n                    width=\"240\"\n                    height=\"160\"\n                    style=\"max-width:100%;\"\n                \/>\n            <\/a>\n        <\/div>\n\t\t\t\t\t\t\t<\/div> \n\t\t\t\n        \n\t\t\t\t<div id=\"ngg-image-12\" class=\"ngg-gallery-thumbnail-box\" >\n\t\t\t\t        <div class=\"ngg-gallery-thumbnail\">\n            <a href=\"https:\/\/landschaftsbau-schebitz.de\/wp-content\/gallery\/gruenflaechen-gaerten\/k-IMG_1081.JPG\"\n               title=\"\"\n               data-src=\"https:\/\/landschaftsbau-schebitz.de\/wp-content\/gallery\/gruenflaechen-gaerten\/k-IMG_1081.JPG\"\n               data-thumbnail=\"https:\/\/landschaftsbau-schebitz.de\/wp-content\/gallery\/gruenflaechen-gaerten\/thumbs\/thumbs_k-IMG_1081.JPG\"\n               data-image-id=\"60\"\n               data-title=\"k-IMG_1081\"\n               data-description=\"\"\n               data-image-slug=\"k-img_1081\"\n               class=\"ngg-fancybox\" rel=\"4dc52a7039bbd74c50302b8a4bcfd6b5\">\n                <img\n                    title=\"k-IMG_1081\"\n                    alt=\"k-IMG_1081\"\n                    src=\"https:\/\/landschaftsbau-schebitz.de\/wp-content\/gallery\/gruenflaechen-gaerten\/thumbs\/thumbs_k-IMG_1081.JPG\"\n                    width=\"240\"\n                    height=\"160\"\n                    style=\"max-width:100%;\"\n                \/>\n            <\/a>\n        <\/div>\n\t\t\t\t\t\t\t<\/div> \n\t\t\t\n        \n\t\t\t\t<div id=\"ngg-image-13\" class=\"ngg-gallery-thumbnail-box\" >\n\t\t\t\t        <div class=\"ngg-gallery-thumbnail\">\n            <a href=\"https:\/\/landschaftsbau-schebitz.de\/wp-content\/gallery\/gruenflaechen-gaerten\/k-IMG_1085.JPG\"\n               title=\"\"\n               data-src=\"https:\/\/landschaftsbau-schebitz.de\/wp-content\/gallery\/gruenflaechen-gaerten\/k-IMG_1085.JPG\"\n               data-thumbnail=\"https:\/\/landschaftsbau-schebitz.de\/wp-content\/gallery\/gruenflaechen-gaerten\/thumbs\/thumbs_k-IMG_1085.JPG\"\n               data-image-id=\"61\"\n               data-title=\"k-IMG_1085\"\n               data-description=\"\"\n               data-image-slug=\"k-img_1085\"\n               class=\"ngg-fancybox\" rel=\"4dc52a7039bbd74c50302b8a4bcfd6b5\">\n                <img\n                    title=\"k-IMG_1085\"\n                    alt=\"k-IMG_1085\"\n                    src=\"https:\/\/landschaftsbau-schebitz.de\/wp-content\/gallery\/gruenflaechen-gaerten\/thumbs\/thumbs_k-IMG_1085.JPG\"\n                    width=\"240\"\n                    height=\"160\"\n                    style=\"max-width:100%;\"\n                \/>\n            <\/a>\n        <\/div>\n\t\t\t\t\t\t\t<\/div> \n\t\t\t\n        \n\t\t\t\t<div id=\"ngg-image-14\" class=\"ngg-gallery-thumbnail-box\" >\n\t\t\t\t        <div class=\"ngg-gallery-thumbnail\">\n            <a href=\"https:\/\/landschaftsbau-schebitz.de\/wp-content\/gallery\/gruenflaechen-gaerten\/k-IMG_1086.JPG\"\n               title=\"\"\n               data-src=\"https:\/\/landschaftsbau-schebitz.de\/wp-content\/gallery\/gruenflaechen-gaerten\/k-IMG_1086.JPG\"\n               data-thumbnail=\"https:\/\/landschaftsbau-schebitz.de\/wp-content\/gallery\/gruenflaechen-gaerten\/thumbs\/thumbs_k-IMG_1086.JPG\"\n               data-image-id=\"62\"\n               data-title=\"k-IMG_1086\"\n               data-description=\"\"\n               data-image-slug=\"k-img_1086\"\n               class=\"ngg-fancybox\" rel=\"4dc52a7039bbd74c50302b8a4bcfd6b5\">\n                <img\n                    title=\"k-IMG_1086\"\n                    alt=\"k-IMG_1086\"\n                    src=\"https:\/\/landschaftsbau-schebitz.de\/wp-content\/gallery\/gruenflaechen-gaerten\/thumbs\/thumbs_k-IMG_1086.JPG\"\n                    width=\"240\"\n                    height=\"160\"\n                    style=\"max-width:100%;\"\n                \/>\n            <\/a>\n        <\/div>\n\t\t\t\t\t\t\t<\/div> \n\t\t\t\n        \n\t\t\t\t<div id=\"ngg-image-15\" class=\"ngg-gallery-thumbnail-box\" >\n\t\t\t\t        <div class=\"ngg-gallery-thumbnail\">\n            <a href=\"https:\/\/landschaftsbau-schebitz.de\/wp-content\/gallery\/gruenflaechen-gaerten\/k-IMG_1087.JPG\"\n               title=\"\"\n               data-src=\"https:\/\/landschaftsbau-schebitz.de\/wp-content\/gallery\/gruenflaechen-gaerten\/k-IMG_1087.JPG\"\n               data-thumbnail=\"https:\/\/landschaftsbau-schebitz.de\/wp-content\/gallery\/gruenflaechen-gaerten\/thumbs\/thumbs_k-IMG_1087.JPG\"\n               data-image-id=\"63\"\n               data-title=\"k-IMG_1087\"\n               data-description=\"\"\n               data-image-slug=\"k-img_1087\"\n               class=\"ngg-fancybox\" rel=\"4dc52a7039bbd74c50302b8a4bcfd6b5\">\n                <img\n                    title=\"k-IMG_1087\"\n                    alt=\"k-IMG_1087\"\n                    src=\"https:\/\/landschaftsbau-schebitz.de\/wp-content\/gallery\/gruenflaechen-gaerten\/thumbs\/thumbs_k-IMG_1087.JPG\"\n                    width=\"240\"\n                    height=\"160\"\n                    style=\"max-width:100%;\"\n                \/>\n            <\/a>\n        <\/div>\n\t\t\t\t\t\t\t<\/div> \n\t\t\t\n        \n\t\t\t\t<div id=\"ngg-image-16\" class=\"ngg-gallery-thumbnail-box\" >\n\t\t\t\t        <div class=\"ngg-gallery-thumbnail\">\n            <a href=\"https:\/\/landschaftsbau-schebitz.de\/wp-content\/gallery\/gruenflaechen-gaerten\/k-IMG_2323.JPG\"\n               title=\"\"\n               data-src=\"https:\/\/landschaftsbau-schebitz.de\/wp-content\/gallery\/gruenflaechen-gaerten\/k-IMG_2323.JPG\"\n               data-thumbnail=\"https:\/\/landschaftsbau-schebitz.de\/wp-content\/gallery\/gruenflaechen-gaerten\/thumbs\/thumbs_k-IMG_2323.JPG\"\n               data-image-id=\"64\"\n               data-title=\"k-IMG_2323\"\n               data-description=\"\"\n               data-image-slug=\"k-img_2323\"\n               class=\"ngg-fancybox\" rel=\"4dc52a7039bbd74c50302b8a4bcfd6b5\">\n                <img\n                    title=\"k-IMG_2323\"\n                    alt=\"k-IMG_2323\"\n                    src=\"https:\/\/landschaftsbau-schebitz.de\/wp-content\/gallery\/gruenflaechen-gaerten\/thumbs\/thumbs_k-IMG_2323.JPG\"\n                    width=\"240\"\n                    height=\"160\"\n                    style=\"max-width:100%;\"\n                \/>\n            <\/a>\n        <\/div>\n\t\t\t\t\t\t\t<\/div> \n\t\t\t\n        \n\t\t\t\t<div id=\"ngg-image-17\" class=\"ngg-gallery-thumbnail-box\" >\n\t\t\t\t        <div class=\"ngg-gallery-thumbnail\">\n            <a href=\"https:\/\/landschaftsbau-schebitz.de\/wp-content\/gallery\/gruenflaechen-gaerten\/k-IMG_2329.JPG\"\n               title=\"\"\n               data-src=\"https:\/\/landschaftsbau-schebitz.de\/wp-content\/gallery\/gruenflaechen-gaerten\/k-IMG_2329.JPG\"\n               data-thumbnail=\"https:\/\/landschaftsbau-schebitz.de\/wp-content\/gallery\/gruenflaechen-gaerten\/thumbs\/thumbs_k-IMG_2329.JPG\"\n               data-image-id=\"65\"\n               data-title=\"k-IMG_2329\"\n               data-description=\"\"\n               data-image-slug=\"k-img_2329\"\n               class=\"ngg-fancybox\" rel=\"4dc52a7039bbd74c50302b8a4bcfd6b5\">\n                <img\n                    title=\"k-IMG_2329\"\n                    alt=\"k-IMG_2329\"\n                    src=\"https:\/\/landschaftsbau-schebitz.de\/wp-content\/gallery\/gruenflaechen-gaerten\/thumbs\/thumbs_k-IMG_2329.JPG\"\n                    width=\"240\"\n                    height=\"160\"\n                    style=\"max-width:100%;\"\n                \/>\n            <\/a>\n        <\/div>\n\t\t\t\t\t\t\t<\/div> \n\t\t\t\n        \n\t\t\t\t<div id=\"ngg-image-18\" class=\"ngg-gallery-thumbnail-box\" >\n\t\t\t\t        <div class=\"ngg-gallery-thumbnail\">\n            <a href=\"https:\/\/landschaftsbau-schebitz.de\/wp-content\/gallery\/gruenflaechen-gaerten\/k-IMG_2330.JPG\"\n               title=\"\"\n               data-src=\"https:\/\/landschaftsbau-schebitz.de\/wp-content\/gallery\/gruenflaechen-gaerten\/k-IMG_2330.JPG\"\n               data-thumbnail=\"https:\/\/landschaftsbau-schebitz.de\/wp-content\/gallery\/gruenflaechen-gaerten\/thumbs\/thumbs_k-IMG_2330.JPG\"\n               data-image-id=\"66\"\n               data-title=\"k-IMG_2330\"\n               data-description=\"\"\n               data-image-slug=\"k-img_2330\"\n               class=\"ngg-fancybox\" rel=\"4dc52a7039bbd74c50302b8a4bcfd6b5\">\n                <img\n                    title=\"k-IMG_2330\"\n                    alt=\"k-IMG_2330\"\n                    src=\"https:\/\/landschaftsbau-schebitz.de\/wp-content\/gallery\/gruenflaechen-gaerten\/thumbs\/thumbs_k-IMG_2330.JPG\"\n                    width=\"240\"\n                    height=\"160\"\n                    style=\"max-width:100%;\"\n                \/>\n            <\/a>\n        <\/div>\n\t\t\t\t\t\t\t<\/div> \n\t\t\t\n        \n\t\t\t\t<div id=\"ngg-image-19\" class=\"ngg-gallery-thumbnail-box\" >\n\t\t\t\t        <div class=\"ngg-gallery-thumbnail\">\n            <a href=\"https:\/\/landschaftsbau-schebitz.de\/wp-content\/gallery\/gruenflaechen-gaerten\/k-IMG_2331.JPG\"\n               title=\"\"\n               data-src=\"https:\/\/landschaftsbau-schebitz.de\/wp-content\/gallery\/gruenflaechen-gaerten\/k-IMG_2331.JPG\"\n               data-thumbnail=\"https:\/\/landschaftsbau-schebitz.de\/wp-content\/gallery\/gruenflaechen-gaerten\/thumbs\/thumbs_k-IMG_2331.JPG\"\n               data-image-id=\"67\"\n               data-title=\"k-IMG_2331\"\n               data-description=\"\"\n               data-image-slug=\"k-img_2331\"\n               class=\"ngg-fancybox\" rel=\"4dc52a7039bbd74c50302b8a4bcfd6b5\">\n                <img\n                    title=\"k-IMG_2331\"\n                    alt=\"k-IMG_2331\"\n                    src=\"https:\/\/landschaftsbau-schebitz.de\/wp-content\/gallery\/gruenflaechen-gaerten\/thumbs\/thumbs_k-IMG_2331.JPG\"\n                    width=\"240\"\n                    height=\"160\"\n                    style=\"max-width:100%;\"\n                \/>\n            <\/a>\n        <\/div>\n\t\t\t\t\t\t\t<\/div> \n\t\t\t\n        \n\t\t\t\t<div id=\"ngg-image-20\" class=\"ngg-gallery-thumbnail-box\" >\n\t\t\t\t        <div class=\"ngg-gallery-thumbnail\">\n            <a href=\"https:\/\/landschaftsbau-schebitz.de\/wp-content\/gallery\/gruenflaechen-gaerten\/k-IMG_2332.JPG\"\n               title=\"\"\n               data-src=\"https:\/\/landschaftsbau-schebitz.de\/wp-content\/gallery\/gruenflaechen-gaerten\/k-IMG_2332.JPG\"\n               data-thumbnail=\"https:\/\/landschaftsbau-schebitz.de\/wp-content\/gallery\/gruenflaechen-gaerten\/thumbs\/thumbs_k-IMG_2332.JPG\"\n               data-image-id=\"68\"\n               data-title=\"k-IMG_2332\"\n               data-description=\"\"\n               data-image-slug=\"k-img_2332\"\n               class=\"ngg-fancybox\" rel=\"4dc52a7039bbd74c50302b8a4bcfd6b5\">\n                <img\n                    title=\"k-IMG_2332\"\n                    alt=\"k-IMG_2332\"\n                    src=\"https:\/\/landschaftsbau-schebitz.de\/wp-content\/gallery\/gruenflaechen-gaerten\/thumbs\/thumbs_k-IMG_2332.JPG\"\n                    width=\"240\"\n                    height=\"160\"\n                    style=\"max-width:100%;\"\n                \/>\n            <\/a>\n        <\/div>\n\t\t\t\t\t\t\t<\/div> \n\t\t\t\n        \n\t\t\t\t<div id=\"ngg-image-21\" class=\"ngg-gallery-thumbnail-box\" >\n\t\t\t\t        <div class=\"ngg-gallery-thumbnail\">\n            <a href=\"https:\/\/landschaftsbau-schebitz.de\/wp-content\/gallery\/gruenflaechen-gaerten\/k-IMG_2335.JPG\"\n               title=\"\"\n               data-src=\"https:\/\/landschaftsbau-schebitz.de\/wp-content\/gallery\/gruenflaechen-gaerten\/k-IMG_2335.JPG\"\n               data-thumbnail=\"https:\/\/landschaftsbau-schebitz.de\/wp-content\/gallery\/gruenflaechen-gaerten\/thumbs\/thumbs_k-IMG_2335.JPG\"\n               data-image-id=\"69\"\n               data-title=\"k-IMG_2335\"\n               data-description=\"\"\n               data-image-slug=\"k-img_2335\"\n               class=\"ngg-fancybox\" rel=\"4dc52a7039bbd74c50302b8a4bcfd6b5\">\n                <img\n                    title=\"k-IMG_2335\"\n                    alt=\"k-IMG_2335\"\n                    src=\"https:\/\/landschaftsbau-schebitz.de\/wp-content\/gallery\/gruenflaechen-gaerten\/thumbs\/thumbs_k-IMG_2335.JPG\"\n                    width=\"240\"\n                    height=\"160\"\n                    style=\"max-width:100%;\"\n                \/>\n            <\/a>\n        <\/div>\n\t\t\t\t\t\t\t<\/div> \n\t\t\t\n        \n\t\t\t\t<div id=\"ngg-image-22\" class=\"ngg-gallery-thumbnail-box\" >\n\t\t\t\t        <div class=\"ngg-gallery-thumbnail\">\n            <a href=\"https:\/\/landschaftsbau-schebitz.de\/wp-content\/gallery\/gruenflaechen-gaerten\/k-IMG_2336.JPG\"\n               title=\"\"\n               data-src=\"https:\/\/landschaftsbau-schebitz.de\/wp-content\/gallery\/gruenflaechen-gaerten\/k-IMG_2336.JPG\"\n               data-thumbnail=\"https:\/\/landschaftsbau-schebitz.de\/wp-content\/gallery\/gruenflaechen-gaerten\/thumbs\/thumbs_k-IMG_2336.JPG\"\n               data-image-id=\"70\"\n               data-title=\"k-IMG_2336\"\n               data-description=\"\"\n               data-image-slug=\"k-img_2336\"\n               class=\"ngg-fancybox\" rel=\"4dc52a7039bbd74c50302b8a4bcfd6b5\">\n                <img\n                    title=\"k-IMG_2336\"\n                    alt=\"k-IMG_2336\"\n                    src=\"https:\/\/landschaftsbau-schebitz.de\/wp-content\/gallery\/gruenflaechen-gaerten\/thumbs\/thumbs_k-IMG_2336.JPG\"\n                    width=\"240\"\n                    height=\"160\"\n                    style=\"max-width:100%;\"\n                \/>\n            <\/a>\n        <\/div>\n\t\t\t\t\t\t\t<\/div> \n\t\t\t\n        \n\t\t\t\t<div id=\"ngg-image-23\" class=\"ngg-gallery-thumbnail-box\" >\n\t\t\t\t        <div class=\"ngg-gallery-thumbnail\">\n            <a href=\"https:\/\/landschaftsbau-schebitz.de\/wp-content\/gallery\/gruenflaechen-gaerten\/k-IMG_2339.JPG\"\n               title=\"\"\n               data-src=\"https:\/\/landschaftsbau-schebitz.de\/wp-content\/gallery\/gruenflaechen-gaerten\/k-IMG_2339.JPG\"\n               data-thumbnail=\"https:\/\/landschaftsbau-schebitz.de\/wp-content\/gallery\/gruenflaechen-gaerten\/thumbs\/thumbs_k-IMG_2339.JPG\"\n               data-image-id=\"71\"\n               data-title=\"k-IMG_2339\"\n               data-description=\"\"\n               data-image-slug=\"k-img_2339\"\n               class=\"ngg-fancybox\" rel=\"4dc52a7039bbd74c50302b8a4bcfd6b5\">\n                <img\n                    title=\"k-IMG_2339\"\n                    alt=\"k-IMG_2339\"\n                    src=\"https:\/\/landschaftsbau-schebitz.de\/wp-content\/gallery\/gruenflaechen-gaerten\/thumbs\/thumbs_k-IMG_2339.JPG\"\n                    width=\"240\"\n                    height=\"160\"\n                    style=\"max-width:100%;\"\n                \/>\n            <\/a>\n        <\/div>\n\t\t\t\t\t\t\t<\/div> \n\t\t\t\n        \n\t\t\t\t<div id=\"ngg-image-24\" class=\"ngg-gallery-thumbnail-box\" >\n\t\t\t\t        <div class=\"ngg-gallery-thumbnail\">\n            <a href=\"https:\/\/landschaftsbau-schebitz.de\/wp-content\/gallery\/gruenflaechen-gaerten\/k-IMG_2340.JPG\"\n               title=\"\"\n               data-src=\"https:\/\/landschaftsbau-schebitz.de\/wp-content\/gallery\/gruenflaechen-gaerten\/k-IMG_2340.JPG\"\n               data-thumbnail=\"https:\/\/landschaftsbau-schebitz.de\/wp-content\/gallery\/gruenflaechen-gaerten\/thumbs\/thumbs_k-IMG_2340.JPG\"\n               data-image-id=\"72\"\n               data-title=\"k-IMG_2340\"\n               data-description=\"\"\n               data-image-slug=\"k-img_2340\"\n               class=\"ngg-fancybox\" rel=\"4dc52a7039bbd74c50302b8a4bcfd6b5\">\n                <img\n                    title=\"k-IMG_2340\"\n                    alt=\"k-IMG_2340\"\n                    src=\"https:\/\/landschaftsbau-schebitz.de\/wp-content\/gallery\/gruenflaechen-gaerten\/thumbs\/thumbs_k-IMG_2340.JPG\"\n                    width=\"240\"\n                    height=\"160\"\n                    style=\"max-width:100%;\"\n                \/>\n            <\/a>\n        <\/div>\n\t\t\t\t\t\t\t<\/div> \n\t\t\t\n        \n\t\t\t\t<div id=\"ngg-image-25\" class=\"ngg-gallery-thumbnail-box\" >\n\t\t\t\t        <div class=\"ngg-gallery-thumbnail\">\n            <a href=\"https:\/\/landschaftsbau-schebitz.de\/wp-content\/gallery\/gruenflaechen-gaerten\/k-IMG_3551.JPG\"\n               title=\"\"\n               data-src=\"https:\/\/landschaftsbau-schebitz.de\/wp-content\/gallery\/gruenflaechen-gaerten\/k-IMG_3551.JPG\"\n               data-thumbnail=\"https:\/\/landschaftsbau-schebitz.de\/wp-content\/gallery\/gruenflaechen-gaerten\/thumbs\/thumbs_k-IMG_3551.JPG\"\n               data-image-id=\"73\"\n               data-title=\"k-IMG_3551\"\n               data-description=\"\"\n               data-image-slug=\"k-img_3551\"\n               class=\"ngg-fancybox\" rel=\"4dc52a7039bbd74c50302b8a4bcfd6b5\">\n                <img\n                    title=\"k-IMG_3551\"\n                    alt=\"k-IMG_3551\"\n                    src=\"https:\/\/landschaftsbau-schebitz.de\/wp-content\/gallery\/gruenflaechen-gaerten\/thumbs\/thumbs_k-IMG_3551.JPG\"\n                    width=\"240\"\n                    height=\"160\"\n                    style=\"max-width:100%;\"\n                \/>\n            <\/a>\n        <\/div>\n\t\t\t\t\t\t\t<\/div> \n\t\t\t\n        \n\t\t\t\t<div id=\"ngg-image-26\" class=\"ngg-gallery-thumbnail-box\" >\n\t\t\t\t        <div class=\"ngg-gallery-thumbnail\">\n            <a href=\"https:\/\/landschaftsbau-schebitz.de\/wp-content\/gallery\/gruenflaechen-gaerten\/k-IMG_3552.JPG\"\n               title=\"\"\n               data-src=\"https:\/\/landschaftsbau-schebitz.de\/wp-content\/gallery\/gruenflaechen-gaerten\/k-IMG_3552.JPG\"\n               data-thumbnail=\"https:\/\/landschaftsbau-schebitz.de\/wp-content\/gallery\/gruenflaechen-gaerten\/thumbs\/thumbs_k-IMG_3552.JPG\"\n               data-image-id=\"74\"\n               data-title=\"k-IMG_3552\"\n               data-description=\"\"\n               data-image-slug=\"k-img_3552\"\n               class=\"ngg-fancybox\" rel=\"4dc52a7039bbd74c50302b8a4bcfd6b5\">\n                <img\n                    title=\"k-IMG_3552\"\n                    alt=\"k-IMG_3552\"\n                    src=\"https:\/\/landschaftsbau-schebitz.de\/wp-content\/gallery\/gruenflaechen-gaerten\/thumbs\/thumbs_k-IMG_3552.JPG\"\n                    width=\"240\"\n                    height=\"160\"\n                    style=\"max-width:100%;\"\n                \/>\n            <\/a>\n        <\/div>\n\t\t\t\t\t\t\t<\/div> \n\t\t\t\n        \n\t\t\t\t<div id=\"ngg-image-27\" class=\"ngg-gallery-thumbnail-box\" >\n\t\t\t\t        <div class=\"ngg-gallery-thumbnail\">\n            <a href=\"https:\/\/landschaftsbau-schebitz.de\/wp-content\/gallery\/gruenflaechen-gaerten\/k-IMG_3553.JPG\"\n               title=\"\"\n               data-src=\"https:\/\/landschaftsbau-schebitz.de\/wp-content\/gallery\/gruenflaechen-gaerten\/k-IMG_3553.JPG\"\n               data-thumbnail=\"https:\/\/landschaftsbau-schebitz.de\/wp-content\/gallery\/gruenflaechen-gaerten\/thumbs\/thumbs_k-IMG_3553.JPG\"\n               data-image-id=\"75\"\n               data-title=\"k-IMG_3553\"\n               data-description=\"\"\n               data-image-slug=\"k-img_3553\"\n               class=\"ngg-fancybox\" rel=\"4dc52a7039bbd74c50302b8a4bcfd6b5\">\n                <img\n                    title=\"k-IMG_3553\"\n                    alt=\"k-IMG_3553\"\n                    src=\"https:\/\/landschaftsbau-schebitz.de\/wp-content\/gallery\/gruenflaechen-gaerten\/thumbs\/thumbs_k-IMG_3553.JPG\"\n                    width=\"240\"\n                    height=\"160\"\n                    style=\"max-width:100%;\"\n                \/>\n            <\/a>\n        <\/div>\n\t\t\t\t\t\t\t<\/div> \n\t\t\t\n        \n\t\t\t\t<div id=\"ngg-image-28\" class=\"ngg-gallery-thumbnail-box\" >\n\t\t\t\t        <div class=\"ngg-gallery-thumbnail\">\n            <a href=\"https:\/\/landschaftsbau-schebitz.de\/wp-content\/gallery\/gruenflaechen-gaerten\/k-IMG_3557.JPG\"\n               title=\"\"\n               data-src=\"https:\/\/landschaftsbau-schebitz.de\/wp-content\/gallery\/gruenflaechen-gaerten\/k-IMG_3557.JPG\"\n               data-thumbnail=\"https:\/\/landschaftsbau-schebitz.de\/wp-content\/gallery\/gruenflaechen-gaerten\/thumbs\/thumbs_k-IMG_3557.JPG\"\n               data-image-id=\"76\"\n               data-title=\"k-IMG_3557\"\n               data-description=\"\"\n               data-image-slug=\"k-img_3557\"\n               class=\"ngg-fancybox\" rel=\"4dc52a7039bbd74c50302b8a4bcfd6b5\">\n                <img\n                    title=\"k-IMG_3557\"\n                    alt=\"k-IMG_3557\"\n                    src=\"https:\/\/landschaftsbau-schebitz.de\/wp-content\/gallery\/gruenflaechen-gaerten\/thumbs\/thumbs_k-IMG_3557.JPG\"\n                    width=\"240\"\n                    height=\"160\"\n                    style=\"max-width:100%;\"\n                \/>\n            <\/a>\n        <\/div>\n\t\t\t\t\t\t\t<\/div> \n\t\t\t\n        \n\t\t\t\t<div id=\"ngg-image-29\" class=\"ngg-gallery-thumbnail-box\" >\n\t\t\t\t        <div class=\"ngg-gallery-thumbnail\">\n            <a href=\"https:\/\/landschaftsbau-schebitz.de\/wp-content\/gallery\/gruenflaechen-gaerten\/k-IMG_3558.JPG\"\n               title=\"\"\n               data-src=\"https:\/\/landschaftsbau-schebitz.de\/wp-content\/gallery\/gruenflaechen-gaerten\/k-IMG_3558.JPG\"\n               data-thumbnail=\"https:\/\/landschaftsbau-schebitz.de\/wp-content\/gallery\/gruenflaechen-gaerten\/thumbs\/thumbs_k-IMG_3558.JPG\"\n               data-image-id=\"77\"\n               data-title=\"k-IMG_3558\"\n               data-description=\"\"\n               data-image-slug=\"k-img_3558\"\n               class=\"ngg-fancybox\" rel=\"4dc52a7039bbd74c50302b8a4bcfd6b5\">\n                <img\n                    title=\"k-IMG_3558\"\n                    alt=\"k-IMG_3558\"\n                    src=\"https:\/\/landschaftsbau-schebitz.de\/wp-content\/gallery\/gruenflaechen-gaerten\/thumbs\/thumbs_k-IMG_3558.JPG\"\n                    width=\"240\"\n                    height=\"160\"\n                    style=\"max-width:100%;\"\n                \/>\n            <\/a>\n        <\/div>\n\t\t\t\t\t\t\t<\/div> \n\t\t\t\n        \n\t\t\t\t<div id=\"ngg-image-30\" class=\"ngg-gallery-thumbnail-box\" >\n\t\t\t\t        <div class=\"ngg-gallery-thumbnail\">\n            <a href=\"https:\/\/landschaftsbau-schebitz.de\/wp-content\/gallery\/gruenflaechen-gaerten\/k-IMG_3559.JPG\"\n               title=\"\"\n               data-src=\"https:\/\/landschaftsbau-schebitz.de\/wp-content\/gallery\/gruenflaechen-gaerten\/k-IMG_3559.JPG\"\n               data-thumbnail=\"https:\/\/landschaftsbau-schebitz.de\/wp-content\/gallery\/gruenflaechen-gaerten\/thumbs\/thumbs_k-IMG_3559.JPG\"\n               data-image-id=\"78\"\n               data-title=\"k-IMG_3559\"\n               data-description=\"\"\n               data-image-slug=\"k-img_3559\"\n               class=\"ngg-fancybox\" rel=\"4dc52a7039bbd74c50302b8a4bcfd6b5\">\n                <img\n                    title=\"k-IMG_3559\"\n                    alt=\"k-IMG_3559\"\n                    src=\"https:\/\/landschaftsbau-schebitz.de\/wp-content\/gallery\/gruenflaechen-gaerten\/thumbs\/thumbs_k-IMG_3559.JPG\"\n                    width=\"240\"\n                    height=\"160\"\n                    style=\"max-width:100%;\"\n                \/>\n            <\/a>\n        <\/div>\n\t\t\t\t\t\t\t<\/div> \n\t\t\t\n        \n\t\t\t\t<div id=\"ngg-image-31\" class=\"ngg-gallery-thumbnail-box\" >\n\t\t\t\t        <div class=\"ngg-gallery-thumbnail\">\n            <a href=\"https:\/\/landschaftsbau-schebitz.de\/wp-content\/gallery\/gruenflaechen-gaerten\/k-IMG_3565.JPG\"\n               title=\"\"\n               data-src=\"https:\/\/landschaftsbau-schebitz.de\/wp-content\/gallery\/gruenflaechen-gaerten\/k-IMG_3565.JPG\"\n               data-thumbnail=\"https:\/\/landschaftsbau-schebitz.de\/wp-content\/gallery\/gruenflaechen-gaerten\/thumbs\/thumbs_k-IMG_3565.JPG\"\n               data-image-id=\"79\"\n               data-title=\"k-IMG_3565\"\n               data-description=\"\"\n               data-image-slug=\"k-img_3565\"\n               class=\"ngg-fancybox\" rel=\"4dc52a7039bbd74c50302b8a4bcfd6b5\">\n                <img\n                    title=\"k-IMG_3565\"\n                    alt=\"k-IMG_3565\"\n                    src=\"https:\/\/landschaftsbau-schebitz.de\/wp-content\/gallery\/gruenflaechen-gaerten\/thumbs\/thumbs_k-IMG_3565.JPG\"\n                    width=\"240\"\n                    height=\"160\"\n                    style=\"max-width:100%;\"\n                \/>\n            <\/a>\n        <\/div>\n\t\t\t\t\t\t\t<\/div> \n\t\t\t\n        \n\t\t\t\t<div id=\"ngg-image-32\" class=\"ngg-gallery-thumbnail-box\" >\n\t\t\t\t        <div class=\"ngg-gallery-thumbnail\">\n            <a href=\"https:\/\/landschaftsbau-schebitz.de\/wp-content\/gallery\/gruenflaechen-gaerten\/k-IMG_3568.JPG\"\n               title=\"\"\n               data-src=\"https:\/\/landschaftsbau-schebitz.de\/wp-content\/gallery\/gruenflaechen-gaerten\/k-IMG_3568.JPG\"\n               data-thumbnail=\"https:\/\/landschaftsbau-schebitz.de\/wp-content\/gallery\/gruenflaechen-gaerten\/thumbs\/thumbs_k-IMG_3568.JPG\"\n               data-image-id=\"80\"\n               data-title=\"k-IMG_3568\"\n               data-description=\"\"\n               data-image-slug=\"k-img_3568\"\n               class=\"ngg-fancybox\" rel=\"4dc52a7039bbd74c50302b8a4bcfd6b5\">\n                <img\n                    title=\"k-IMG_3568\"\n                    alt=\"k-IMG_3568\"\n                    src=\"https:\/\/landschaftsbau-schebitz.de\/wp-content\/gallery\/gruenflaechen-gaerten\/thumbs\/thumbs_k-IMG_3568.JPG\"\n                    width=\"240\"\n                    height=\"160\"\n                    style=\"max-width:100%;\"\n                \/>\n            <\/a>\n        <\/div>\n\t\t\t\t\t\t\t<\/div> \n\t\t\t\n        \n\t\t\t\t<div id=\"ngg-image-33\" class=\"ngg-gallery-thumbnail-box\" >\n\t\t\t\t        <div class=\"ngg-gallery-thumbnail\">\n            <a href=\"https:\/\/landschaftsbau-schebitz.de\/wp-content\/gallery\/gruenflaechen-gaerten\/k-IMG_3570.JPG\"\n               title=\"\"\n               data-src=\"https:\/\/landschaftsbau-schebitz.de\/wp-content\/gallery\/gruenflaechen-gaerten\/k-IMG_3570.JPG\"\n               data-thumbnail=\"https:\/\/landschaftsbau-schebitz.de\/wp-content\/gallery\/gruenflaechen-gaerten\/thumbs\/thumbs_k-IMG_3570.JPG\"\n               data-image-id=\"81\"\n               data-title=\"k-IMG_3570\"\n               data-description=\"\"\n               data-image-slug=\"k-img_3570\"\n               class=\"ngg-fancybox\" rel=\"4dc52a7039bbd74c50302b8a4bcfd6b5\">\n                <img\n                    title=\"k-IMG_3570\"\n                    alt=\"k-IMG_3570\"\n                    src=\"https:\/\/landschaftsbau-schebitz.de\/wp-content\/gallery\/gruenflaechen-gaerten\/thumbs\/thumbs_k-IMG_3570.JPG\"\n                    width=\"240\"\n                    height=\"160\"\n                    style=\"max-width:100%;\"\n                \/>\n            <\/a>\n        <\/div>\n\t\t\t\t\t\t\t<\/div> \n\t\t\t\n        \n\t\t\t\t<div id=\"ngg-image-34\" class=\"ngg-gallery-thumbnail-box\" >\n\t\t\t\t        <div class=\"ngg-gallery-thumbnail\">\n            <a href=\"https:\/\/landschaftsbau-schebitz.de\/wp-content\/gallery\/gruenflaechen-gaerten\/k-IMG_4409.JPG\"\n               title=\"\"\n               data-src=\"https:\/\/landschaftsbau-schebitz.de\/wp-content\/gallery\/gruenflaechen-gaerten\/k-IMG_4409.JPG\"\n               data-thumbnail=\"https:\/\/landschaftsbau-schebitz.de\/wp-content\/gallery\/gruenflaechen-gaerten\/thumbs\/thumbs_k-IMG_4409.JPG\"\n               data-image-id=\"82\"\n               data-title=\"k-IMG_4409\"\n               data-description=\"\"\n               data-image-slug=\"k-img_4409\"\n               class=\"ngg-fancybox\" rel=\"4dc52a7039bbd74c50302b8a4bcfd6b5\">\n                <img\n                    title=\"k-IMG_4409\"\n                    alt=\"k-IMG_4409\"\n                    src=\"https:\/\/landschaftsbau-schebitz.de\/wp-content\/gallery\/gruenflaechen-gaerten\/thumbs\/thumbs_k-IMG_4409.JPG\"\n                    width=\"240\"\n                    height=\"160\"\n                    style=\"max-width:100%;\"\n                \/>\n            <\/a>\n        <\/div>\n\t\t\t\t\t\t\t<\/div> \n\t\t\t\n        \n\t\t\t\t<div id=\"ngg-image-35\" class=\"ngg-gallery-thumbnail-box\" >\n\t\t\t\t        <div class=\"ngg-gallery-thumbnail\">\n            <a href=\"https:\/\/landschaftsbau-schebitz.de\/wp-content\/gallery\/gruenflaechen-gaerten\/k-IMG_4411.JPG\"\n               title=\"\"\n               data-src=\"https:\/\/landschaftsbau-schebitz.de\/wp-content\/gallery\/gruenflaechen-gaerten\/k-IMG_4411.JPG\"\n               data-thumbnail=\"https:\/\/landschaftsbau-schebitz.de\/wp-content\/gallery\/gruenflaechen-gaerten\/thumbs\/thumbs_k-IMG_4411.JPG\"\n               data-image-id=\"83\"\n               data-title=\"k-IMG_4411\"\n               data-description=\"\"\n               data-image-slug=\"k-img_4411\"\n               class=\"ngg-fancybox\" rel=\"4dc52a7039bbd74c50302b8a4bcfd6b5\">\n                <img\n                    title=\"k-IMG_4411\"\n                    alt=\"k-IMG_4411\"\n                    src=\"https:\/\/landschaftsbau-schebitz.de\/wp-content\/gallery\/gruenflaechen-gaerten\/thumbs\/thumbs_k-IMG_4411.JPG\"\n                    width=\"240\"\n                    height=\"160\"\n                    style=\"max-width:100%;\"\n                \/>\n            <\/a>\n        <\/div>\n\t\t\t\t\t\t\t<\/div> \n\t\t\t\n        \n\t\t\t\t<div id=\"ngg-image-36\" class=\"ngg-gallery-thumbnail-box\" >\n\t\t\t\t        <div class=\"ngg-gallery-thumbnail\">\n            <a href=\"https:\/\/landschaftsbau-schebitz.de\/wp-content\/gallery\/gruenflaechen-gaerten\/k-IMG_4412.JPG\"\n               title=\"\"\n               data-src=\"https:\/\/landschaftsbau-schebitz.de\/wp-content\/gallery\/gruenflaechen-gaerten\/k-IMG_4412.JPG\"\n               data-thumbnail=\"https:\/\/landschaftsbau-schebitz.de\/wp-content\/gallery\/gruenflaechen-gaerten\/thumbs\/thumbs_k-IMG_4412.JPG\"\n               data-image-id=\"84\"\n               data-title=\"k-IMG_4412\"\n               data-description=\"\"\n               data-image-slug=\"k-img_4412\"\n               class=\"ngg-fancybox\" rel=\"4dc52a7039bbd74c50302b8a4bcfd6b5\">\n                <img\n                    title=\"k-IMG_4412\"\n                    alt=\"k-IMG_4412\"\n                    src=\"https:\/\/landschaftsbau-schebitz.de\/wp-content\/gallery\/gruenflaechen-gaerten\/thumbs\/thumbs_k-IMG_4412.JPG\"\n                    width=\"240\"\n                    height=\"160\"\n                    style=\"max-width:100%;\"\n                \/>\n            <\/a>\n        <\/div>\n\t\t\t\t\t\t\t<\/div> \n\t\t\t\n        \n\t\t\t\t<div id=\"ngg-image-37\" class=\"ngg-gallery-thumbnail-box\" >\n\t\t\t\t        <div class=\"ngg-gallery-thumbnail\">\n            <a href=\"https:\/\/landschaftsbau-schebitz.de\/wp-content\/gallery\/gruenflaechen-gaerten\/k-IMG_4415.JPG\"\n               title=\"\"\n               data-src=\"https:\/\/landschaftsbau-schebitz.de\/wp-content\/gallery\/gruenflaechen-gaerten\/k-IMG_4415.JPG\"\n               data-thumbnail=\"https:\/\/landschaftsbau-schebitz.de\/wp-content\/gallery\/gruenflaechen-gaerten\/thumbs\/thumbs_k-IMG_4415.JPG\"\n               data-image-id=\"85\"\n               data-title=\"k-IMG_4415\"\n               data-description=\"\"\n               data-image-slug=\"k-img_4415\"\n               class=\"ngg-fancybox\" rel=\"4dc52a7039bbd74c50302b8a4bcfd6b5\">\n                <img\n                    title=\"k-IMG_4415\"\n                    alt=\"k-IMG_4415\"\n                    src=\"https:\/\/landschaftsbau-schebitz.de\/wp-content\/gallery\/gruenflaechen-gaerten\/thumbs\/thumbs_k-IMG_4415.JPG\"\n                    width=\"240\"\n                    height=\"160\"\n                    style=\"max-width:100%;\"\n                \/>\n            <\/a>\n        <\/div>\n\t\t\t\t\t\t\t<\/div> \n\t\t\t\n        \n\t\t\t\t<div id=\"ngg-image-38\" class=\"ngg-gallery-thumbnail-box\" >\n\t\t\t\t        <div class=\"ngg-gallery-thumbnail\">\n            <a href=\"https:\/\/landschaftsbau-schebitz.de\/wp-content\/gallery\/gruenflaechen-gaerten\/k-IMG_4805.JPG\"\n               title=\"\"\n               data-src=\"https:\/\/landschaftsbau-schebitz.de\/wp-content\/gallery\/gruenflaechen-gaerten\/k-IMG_4805.JPG\"\n               data-thumbnail=\"https:\/\/landschaftsbau-schebitz.de\/wp-content\/gallery\/gruenflaechen-gaerten\/thumbs\/thumbs_k-IMG_4805.JPG\"\n               data-image-id=\"86\"\n               data-title=\"k-IMG_4805\"\n               data-description=\"\"\n               data-image-slug=\"k-img_4805\"\n               class=\"ngg-fancybox\" rel=\"4dc52a7039bbd74c50302b8a4bcfd6b5\">\n                <img\n                    title=\"k-IMG_4805\"\n                    alt=\"k-IMG_4805\"\n                    src=\"https:\/\/landschaftsbau-schebitz.de\/wp-content\/gallery\/gruenflaechen-gaerten\/thumbs\/thumbs_k-IMG_4805.JPG\"\n                    width=\"240\"\n                    height=\"160\"\n                    style=\"max-width:100%;\"\n                \/>\n            <\/a>\n        <\/div>\n\t\t\t\t\t\t\t<\/div> \n\t\t\t\n        \n\t\t\t\t<div id=\"ngg-image-39\" class=\"ngg-gallery-thumbnail-box\" >\n\t\t\t\t        <div class=\"ngg-gallery-thumbnail\">\n            <a href=\"https:\/\/landschaftsbau-schebitz.de\/wp-content\/gallery\/gruenflaechen-gaerten\/k-IMG_5786.JPG\"\n               title=\"\"\n               data-src=\"https:\/\/landschaftsbau-schebitz.de\/wp-content\/gallery\/gruenflaechen-gaerten\/k-IMG_5786.JPG\"\n               data-thumbnail=\"https:\/\/landschaftsbau-schebitz.de\/wp-content\/gallery\/gruenflaechen-gaerten\/thumbs\/thumbs_k-IMG_5786.JPG\"\n               data-image-id=\"133\"\n               data-title=\"k-IMG_5786\"\n               data-description=\"\"\n               data-image-slug=\"k-img_5786\"\n               class=\"ngg-fancybox\" rel=\"4dc52a7039bbd74c50302b8a4bcfd6b5\">\n                <img\n                    title=\"k-IMG_5786\"\n                    alt=\"k-IMG_5786\"\n                    src=\"https:\/\/landschaftsbau-schebitz.de\/wp-content\/gallery\/gruenflaechen-gaerten\/thumbs\/thumbs_k-IMG_5786.JPG\"\n                    width=\"240\"\n                    height=\"160\"\n                    style=\"max-width:100%;\"\n                \/>\n            <\/a>\n        <\/div>\n\t\t\t\t\t\t\t<\/div> \n\t\t\t\n        \n\t\t\t\t<div id=\"ngg-image-40\" class=\"ngg-gallery-thumbnail-box\" >\n\t\t\t\t        <div class=\"ngg-gallery-thumbnail\">\n            <a href=\"https:\/\/landschaftsbau-schebitz.de\/wp-content\/gallery\/gruenflaechen-gaerten\/k-IMG_5787.JPG\"\n               title=\"\"\n               data-src=\"https:\/\/landschaftsbau-schebitz.de\/wp-content\/gallery\/gruenflaechen-gaerten\/k-IMG_5787.JPG\"\n               data-thumbnail=\"https:\/\/landschaftsbau-schebitz.de\/wp-content\/gallery\/gruenflaechen-gaerten\/thumbs\/thumbs_k-IMG_5787.JPG\"\n               data-image-id=\"134\"\n               data-title=\"k-IMG_5787\"\n               data-description=\"\"\n               data-image-slug=\"k-img_5787\"\n               class=\"ngg-fancybox\" rel=\"4dc52a7039bbd74c50302b8a4bcfd6b5\">\n                <img\n                    title=\"k-IMG_5787\"\n                    alt=\"k-IMG_5787\"\n                    src=\"https:\/\/landschaftsbau-schebitz.de\/wp-content\/gallery\/gruenflaechen-gaerten\/thumbs\/thumbs_k-IMG_5787.JPG\"\n                    width=\"240\"\n                    height=\"160\"\n                    style=\"max-width:100%;\"\n                \/>\n            <\/a>\n        <\/div>\n\t\t\t\t\t\t\t<\/div> \n\t\t\t\n        \n\t\t\t\t<div id=\"ngg-image-41\" class=\"ngg-gallery-thumbnail-box\" >\n\t\t\t\t        <div class=\"ngg-gallery-thumbnail\">\n            <a href=\"https:\/\/landschaftsbau-schebitz.de\/wp-content\/gallery\/gruenflaechen-gaerten\/k-IMG_5788.JPG\"\n               title=\"\"\n               data-src=\"https:\/\/landschaftsbau-schebitz.de\/wp-content\/gallery\/gruenflaechen-gaerten\/k-IMG_5788.JPG\"\n               data-thumbnail=\"https:\/\/landschaftsbau-schebitz.de\/wp-content\/gallery\/gruenflaechen-gaerten\/thumbs\/thumbs_k-IMG_5788.JPG\"\n               data-image-id=\"135\"\n               data-title=\"k-IMG_5788\"\n               data-description=\"\"\n               data-image-slug=\"k-img_5788\"\n               class=\"ngg-fancybox\" rel=\"4dc52a7039bbd74c50302b8a4bcfd6b5\">\n                <img\n                    title=\"k-IMG_5788\"\n                    alt=\"k-IMG_5788\"\n                    src=\"https:\/\/landschaftsbau-schebitz.de\/wp-content\/gallery\/gruenflaechen-gaerten\/thumbs\/thumbs_k-IMG_5788.JPG\"\n                    width=\"240\"\n                    height=\"160\"\n                    style=\"max-width:100%;\"\n                \/>\n            <\/a>\n        <\/div>\n\t\t\t\t\t\t\t<\/div> \n\t\t\t\n        \n\t\t\t\t<div id=\"ngg-image-42\" class=\"ngg-gallery-thumbnail-box\" >\n\t\t\t\t        <div class=\"ngg-gallery-thumbnail\">\n            <a href=\"https:\/\/landschaftsbau-schebitz.de\/wp-content\/gallery\/gruenflaechen-gaerten\/k-IMG_5796.JPG\"\n               title=\"\"\n               data-src=\"https:\/\/landschaftsbau-schebitz.de\/wp-content\/gallery\/gruenflaechen-gaerten\/k-IMG_5796.JPG\"\n               data-thumbnail=\"https:\/\/landschaftsbau-schebitz.de\/wp-content\/gallery\/gruenflaechen-gaerten\/thumbs\/thumbs_k-IMG_5796.JPG\"\n               data-image-id=\"136\"\n               data-title=\"k-IMG_5796\"\n               data-description=\"\"\n               data-image-slug=\"k-img_5796\"\n               class=\"ngg-fancybox\" rel=\"4dc52a7039bbd74c50302b8a4bcfd6b5\">\n                <img\n                    title=\"k-IMG_5796\"\n                    alt=\"k-IMG_5796\"\n                    src=\"https:\/\/landschaftsbau-schebitz.de\/wp-content\/gallery\/gruenflaechen-gaerten\/thumbs\/thumbs_k-IMG_5796.JPG\"\n                    width=\"240\"\n                    height=\"160\"\n                    style=\"max-width:100%;\"\n                \/>\n            <\/a>\n        <\/div>\n\t\t\t\t\t\t\t<\/div> \n\t\t\t\n        \n\t\t\t\t<div id=\"ngg-image-43\" class=\"ngg-gallery-thumbnail-box\" >\n\t\t\t\t        <div class=\"ngg-gallery-thumbnail\">\n            <a href=\"https:\/\/landschaftsbau-schebitz.de\/wp-content\/gallery\/gruenflaechen-gaerten\/k-IMG_7443.JPG\"\n               title=\"\"\n               data-src=\"https:\/\/landschaftsbau-schebitz.de\/wp-content\/gallery\/gruenflaechen-gaerten\/k-IMG_7443.JPG\"\n               data-thumbnail=\"https:\/\/landschaftsbau-schebitz.de\/wp-content\/gallery\/gruenflaechen-gaerten\/thumbs\/thumbs_k-IMG_7443.JPG\"\n               data-image-id=\"147\"\n               data-title=\"k-IMG_7443\"\n               data-description=\"\"\n               data-image-slug=\"k-img_7443\"\n               class=\"ngg-fancybox\" rel=\"4dc52a7039bbd74c50302b8a4bcfd6b5\">\n                <img\n                    title=\"k-IMG_7443\"\n                    alt=\"k-IMG_7443\"\n                    src=\"https:\/\/landschaftsbau-schebitz.de\/wp-content\/gallery\/gruenflaechen-gaerten\/thumbs\/thumbs_k-IMG_7443.JPG\"\n                    width=\"240\"\n                    height=\"160\"\n                    style=\"max-width:100%;\"\n                \/>\n            <\/a>\n        <\/div>\n\t\t\t\t\t\t\t<\/div> \n\t\t\t\n        \n\t\t\t\t<div id=\"ngg-image-44\" class=\"ngg-gallery-thumbnail-box\" >\n\t\t\t\t        <div class=\"ngg-gallery-thumbnail\">\n            <a href=\"https:\/\/landschaftsbau-schebitz.de\/wp-content\/gallery\/gruenflaechen-gaerten\/k-IMG_7447.JPG\"\n               title=\"\"\n               data-src=\"https:\/\/landschaftsbau-schebitz.de\/wp-content\/gallery\/gruenflaechen-gaerten\/k-IMG_7447.JPG\"\n               data-thumbnail=\"https:\/\/landschaftsbau-schebitz.de\/wp-content\/gallery\/gruenflaechen-gaerten\/thumbs\/thumbs_k-IMG_7447.JPG\"\n               data-image-id=\"148\"\n               data-title=\"k-IMG_7447\"\n               data-description=\"\"\n               data-image-slug=\"k-img_7447\"\n               class=\"ngg-fancybox\" rel=\"4dc52a7039bbd74c50302b8a4bcfd6b5\">\n                <img\n                    title=\"k-IMG_7447\"\n                    alt=\"k-IMG_7447\"\n                    src=\"https:\/\/landschaftsbau-schebitz.de\/wp-content\/gallery\/gruenflaechen-gaerten\/thumbs\/thumbs_k-IMG_7447.JPG\"\n                    width=\"240\"\n                    height=\"160\"\n                    style=\"max-width:100%;\"\n                \/>\n            <\/a>\n        <\/div>\n\t\t\t\t\t\t\t<\/div> \n\t\t\t\n        \n\t\t\t\t<div id=\"ngg-image-45\" class=\"ngg-gallery-thumbnail-box\" >\n\t\t\t\t        <div class=\"ngg-gallery-thumbnail\">\n            <a href=\"https:\/\/landschaftsbau-schebitz.de\/wp-content\/gallery\/gruenflaechen-gaerten\/k-IMG_7449.JPG\"\n               title=\"\"\n               data-src=\"https:\/\/landschaftsbau-schebitz.de\/wp-content\/gallery\/gruenflaechen-gaerten\/k-IMG_7449.JPG\"\n               data-thumbnail=\"https:\/\/landschaftsbau-schebitz.de\/wp-content\/gallery\/gruenflaechen-gaerten\/thumbs\/thumbs_k-IMG_7449.JPG\"\n               data-image-id=\"149\"\n               data-title=\"k-IMG_7449\"\n               data-description=\"\"\n               data-image-slug=\"k-img_7449\"\n               class=\"ngg-fancybox\" rel=\"4dc52a7039bbd74c50302b8a4bcfd6b5\">\n                <img\n                    title=\"k-IMG_7449\"\n                    alt=\"k-IMG_7449\"\n                    src=\"https:\/\/landschaftsbau-schebitz.de\/wp-content\/gallery\/gruenflaechen-gaerten\/thumbs\/thumbs_k-IMG_7449.JPG\"\n                    width=\"240\"\n                    height=\"160\"\n                    style=\"max-width:100%;\"\n                \/>\n            <\/a>\n        <\/div>\n\t\t\t\t\t\t\t<\/div> \n\t\t\t\n        \n\t\t\t\t<div id=\"ngg-image-46\" class=\"ngg-gallery-thumbnail-box\" >\n\t\t\t\t        <div class=\"ngg-gallery-thumbnail\">\n            <a href=\"https:\/\/landschaftsbau-schebitz.de\/wp-content\/gallery\/gruenflaechen-gaerten\/k-IMG_7475.JPG\"\n               title=\"\"\n               data-src=\"https:\/\/landschaftsbau-schebitz.de\/wp-content\/gallery\/gruenflaechen-gaerten\/k-IMG_7475.JPG\"\n               data-thumbnail=\"https:\/\/landschaftsbau-schebitz.de\/wp-content\/gallery\/gruenflaechen-gaerten\/thumbs\/thumbs_k-IMG_7475.JPG\"\n               data-image-id=\"150\"\n               data-title=\"k-IMG_7475\"\n               data-description=\"\"\n               data-image-slug=\"k-img_7475\"\n               class=\"ngg-fancybox\" rel=\"4dc52a7039bbd74c50302b8a4bcfd6b5\">\n                <img\n                    title=\"k-IMG_7475\"\n                    alt=\"k-IMG_7475\"\n                    src=\"https:\/\/landschaftsbau-schebitz.de\/wp-content\/gallery\/gruenflaechen-gaerten\/thumbs\/thumbs_k-IMG_7475.JPG\"\n                    width=\"240\"\n                    height=\"160\"\n                    style=\"max-width:100%;\"\n                \/>\n            <\/a>\n        <\/div>\n\t\t\t\t\t\t\t<\/div> \n\t\t\t\n        \n\t\t\t\t<div id=\"ngg-image-47\" class=\"ngg-gallery-thumbnail-box\" >\n\t\t\t\t        <div class=\"ngg-gallery-thumbnail\">\n            <a href=\"https:\/\/landschaftsbau-schebitz.de\/wp-content\/gallery\/gruenflaechen-gaerten\/k-IMG_7477.JPG\"\n               title=\"\"\n               data-src=\"https:\/\/landschaftsbau-schebitz.de\/wp-content\/gallery\/gruenflaechen-gaerten\/k-IMG_7477.JPG\"\n               data-thumbnail=\"https:\/\/landschaftsbau-schebitz.de\/wp-content\/gallery\/gruenflaechen-gaerten\/thumbs\/thumbs_k-IMG_7477.JPG\"\n               data-image-id=\"151\"\n               data-title=\"k-IMG_7477\"\n               data-description=\"\"\n               data-image-slug=\"k-img_7477\"\n               class=\"ngg-fancybox\" rel=\"4dc52a7039bbd74c50302b8a4bcfd6b5\">\n                <img\n                    title=\"k-IMG_7477\"\n                    alt=\"k-IMG_7477\"\n                    src=\"https:\/\/landschaftsbau-schebitz.de\/wp-content\/gallery\/gruenflaechen-gaerten\/thumbs\/thumbs_k-IMG_7477.JPG\"\n                    width=\"240\"\n                    height=\"160\"\n                    style=\"max-width:100%;\"\n                \/>\n            <\/a>\n        <\/div>\n\t\t\t\t\t\t\t<\/div> \n\t\t\t\n        \n\t\t\t\t<div id=\"ngg-image-48\" class=\"ngg-gallery-thumbnail-box\" >\n\t\t\t\t        <div class=\"ngg-gallery-thumbnail\">\n            <a href=\"https:\/\/landschaftsbau-schebitz.de\/wp-content\/gallery\/gruenflaechen-gaerten\/k-IMG_7479.JPG\"\n               title=\"\"\n               data-src=\"https:\/\/landschaftsbau-schebitz.de\/wp-content\/gallery\/gruenflaechen-gaerten\/k-IMG_7479.JPG\"\n               data-thumbnail=\"https:\/\/landschaftsbau-schebitz.de\/wp-content\/gallery\/gruenflaechen-gaerten\/thumbs\/thumbs_k-IMG_7479.JPG\"\n               data-image-id=\"152\"\n               data-title=\"k-IMG_7479\"\n               data-description=\"\"\n               data-image-slug=\"k-img_7479\"\n               class=\"ngg-fancybox\" rel=\"4dc52a7039bbd74c50302b8a4bcfd6b5\">\n                <img\n                    title=\"k-IMG_7479\"\n                    alt=\"k-IMG_7479\"\n                    src=\"https:\/\/landschaftsbau-schebitz.de\/wp-content\/gallery\/gruenflaechen-gaerten\/thumbs\/thumbs_k-IMG_7479.JPG\"\n                    width=\"240\"\n                    height=\"160\"\n                    style=\"max-width:100%;\"\n                \/>\n            <\/a>\n        <\/div>\n\t\t\t\t\t\t\t<\/div> \n\t\t\t\n        \n\t\t\t\t<div id=\"ngg-image-49\" class=\"ngg-gallery-thumbnail-box\" >\n\t\t\t\t        <div class=\"ngg-gallery-thumbnail\">\n            <a href=\"https:\/\/landschaftsbau-schebitz.de\/wp-content\/gallery\/gruenflaechen-gaerten\/k-IMG_7914.JPG\"\n               title=\"\"\n               data-src=\"https:\/\/landschaftsbau-schebitz.de\/wp-content\/gallery\/gruenflaechen-gaerten\/k-IMG_7914.JPG\"\n               data-thumbnail=\"https:\/\/landschaftsbau-schebitz.de\/wp-content\/gallery\/gruenflaechen-gaerten\/thumbs\/thumbs_k-IMG_7914.JPG\"\n               data-image-id=\"153\"\n               data-title=\"k-IMG_7914\"\n               data-description=\"\"\n               data-image-slug=\"k-img_7914\"\n               class=\"ngg-fancybox\" rel=\"4dc52a7039bbd74c50302b8a4bcfd6b5\">\n                <img\n                    title=\"k-IMG_7914\"\n                    alt=\"k-IMG_7914\"\n                    src=\"https:\/\/landschaftsbau-schebitz.de\/wp-content\/gallery\/gruenflaechen-gaerten\/thumbs\/thumbs_k-IMG_7914.JPG\"\n                    width=\"240\"\n                    height=\"160\"\n                    style=\"max-width:100%;\"\n                \/>\n            <\/a>\n        <\/div>\n\t\t\t\t\t\t\t<\/div> \n\t\t\t\n        \n\t\t\t\t<div id=\"ngg-image-50\" class=\"ngg-gallery-thumbnail-box\" >\n\t\t\t\t        <div class=\"ngg-gallery-thumbnail\">\n            <a href=\"https:\/\/landschaftsbau-schebitz.de\/wp-content\/gallery\/gruenflaechen-gaerten\/k-IMG_7918.JPG\"\n               title=\"\"\n               data-src=\"https:\/\/landschaftsbau-schebitz.de\/wp-content\/gallery\/gruenflaechen-gaerten\/k-IMG_7918.JPG\"\n               data-thumbnail=\"https:\/\/landschaftsbau-schebitz.de\/wp-content\/gallery\/gruenflaechen-gaerten\/thumbs\/thumbs_k-IMG_7918.JPG\"\n               data-image-id=\"154\"\n               data-title=\"k-IMG_7918\"\n               data-description=\"\"\n               data-image-slug=\"k-img_7918\"\n               class=\"ngg-fancybox\" rel=\"4dc52a7039bbd74c50302b8a4bcfd6b5\">\n                <img\n                    title=\"k-IMG_7918\"\n                    alt=\"k-IMG_7918\"\n                    src=\"https:\/\/landschaftsbau-schebitz.de\/wp-content\/gallery\/gruenflaechen-gaerten\/thumbs\/thumbs_k-IMG_7918.JPG\"\n                    width=\"240\"\n                    height=\"160\"\n                    style=\"max-width:100%;\"\n                \/>\n            <\/a>\n        <\/div>\n\t\t\t\t\t\t\t<\/div> \n\t\t\t\n        \n\t\t\n\t\t<div class=\"ngg-clear\"><\/div>\n\t<\/div>\n\n","protected":false},"excerpt":{"rendered":"<p>&#8220; order_by=&#8220;sortorder&#8220; order_direction=&#8220;ASC&#8220; returns=&#8220;included&#8220; maximum_entity_count=&#8220;500&#8243;]<\/p>\n","protected":false},"author":1,"featured_media":0,"parent":20,"menu_order":0,"comment_status":"closed","ping_status":"closed","template":"","meta":{"ngg_post_thumbnail":0},"_links":{"self":[{"href":"https:\/\/landschaftsbau-schebitz.de\/index.php?rest_route=\/wp\/v2\/pages\/75"}],"collection":[{"href":"https:\/\/landschaftsbau-schebitz.de\/index.php?rest_route=\/wp\/v2\/pages"}],"about":[{"href":"https:\/\/landschaftsbau-schebitz.de\/index.php?rest_route=\/wp\/v2\/types\/page"}],"author":[{"embeddable":true,"href":"https:\/\/landschaftsbau-schebitz.de\/index.php?rest_route=\/wp\/v2\/users\/1"}],"replies":[{"embeddable":true,"href":"https:\/\/landschaftsbau-schebitz.de\/index.php?rest_route=%2Fwp%2Fv2%2Fcomments&post=75"}],"version-history":[{"count":4,"href":"https:\/\/landschaftsbau-schebitz.de\/index.php?rest_route=\/wp\/v2\/pages\/75\/revisions"}],"predecessor-version":[{"id":361,"href":"https:\/\/landschaftsbau-schebitz.de\/index.php?rest_route=\/wp\/v2\/pages\/75\/revisions\/361"}],"up":[{"embeddable":true,"href":"https:\/\/landschaftsbau-schebitz.de\/index.php?rest_route=\/wp\/v2\/pages\/20"}],"wp:attachment":[{"href":"https:\/\/landschaftsbau-schebitz.de\/index.php?rest_route=%2Fwp%2Fv2%2Fmedia&parent=75"}],"curies":[{"name":"wp","href":"https:\/\/api.w.org\/{rel}","templated":true}]}}